{"id":250,"date":"2018-09-10T20:47:13","date_gmt":"2018-09-10T23:47:13","guid":{"rendered":"http:\/\/reservaheitor.com.br\/site\/?page_id=250"},"modified":"2019-05-08T15:36:19","modified_gmt":"2019-05-08T18:36:19","slug":"a-fazenda","status":"publish","type":"page","link":"https:\/\/reservaheitor.com.br\/site\/a-fazenda\/","title":{"rendered":"A Fazenda"},"content":{"rendered":"<div class=\"col-md-12\">\n<p style=\"text-align: center\"><span style=\"color: #008000\"><strong>Munic\u00edpio: <\/strong><\/span>Patos de Minas &#8211; MG<br \/>\n<span style=\"color: #008000\"><strong>Micro Regi\u00e3o: <\/strong><\/span>Col\u00f4nia Agr\u00edcola<br \/>\n<span style=\"color: #008000\"><strong>Altitude:<\/strong> <\/span>De 970 a 1090 metros.<br \/>\n<span style=\"color: #008000\"><strong>\u00c1rea Total:<\/strong><\/span> 216 Hectares<br \/>\n<span style=\"color: #008000\"><strong>\u00c1rea produtiva com Caf\u00e9:<\/strong> <\/span>141 Hectares<\/p>\n<p style=\"text-align: center\"><span style=\"color: #008000\"><strong>Variedades:<\/strong><\/span><\/p>\n<p style=\"margin: 0cm;margin-bottom: .0001pt;text-align: center\" align=\"center\">Catua\u00ed Amarelo<\/p>\n<p style=\"margin: 0cm;margin-bottom: .0001pt;text-align: center\" align=\"center\">Catua\u00ed Vermelho<\/p>\n<p style=\"margin: 0cm;margin-bottom: .0001pt;text-align: center\" align=\"center\">Mundo Novo<\/p>\n<p style=\"margin: 0cm;margin-bottom: .0001pt;text-align: center\" align=\"center\">IAC \u2013 125<\/p>\n<p style=\"margin: 0cm;margin-bottom: .0001pt;text-align: center\" align=\"center\">Acau\u00e3<\/p>\n<p style=\"margin: 0cm;margin-bottom: .0001pt;text-align: center\" align=\"center\">Catuca\u00ed 2SL<\/p>\n<p style=\"margin: 0cm;margin-bottom: .0001pt;text-align: center\" align=\"center\">Catuca\u00ed 24-137<\/p>\n<p style=\"margin: 0cm;margin-bottom: .0001pt;text-align: center\" align=\"center\">Guar\u00e1<\/p>\n<p style=\"text-align: center\"><span style=\"color: #008000\"><strong>Colheita:<\/strong> <\/span>Mec\u00e2nica e manual nas primeiras safras.<br \/>\n<span style=\"color: #008000\"><strong>Colaboradores fixos: <\/strong><\/span>8<br \/>\n<span style=\"color: #008000\"><strong>Secagem:<\/strong>\u00a0<span style=\"color: #000000\">Tr\u00eas t<\/span><\/span><span style=\"color: #000000\">erre<\/span>iros que somam 15.000,00 m2, dois terreiros suspensos e quatro secadores mec\u00e2nicos.<br \/>\n<span style=\"color: #008000\"><strong>P\u00f3s- Colheita:<\/strong> <\/span>Natural, Cereja Descascado, Honey e Fully Washed.<\/p>\n<p>&nbsp;<\/p>\n<h3 style=\"text-align: center\">Galeria de Fotos<\/h3>\n<p>&nbsp;<\/p>\n\n\t\t<style type=\"text\/css\">\n\t\t\t#gallery-1 {\n\t\t\t\tmargin: auto;\n\t\t\t}\n\t\t\t#gallery-1 .gallery-item {\n\t\t\t\tfloat: left;\n\t\t\t\tmargin-top: 10px;\n\t\t\t\ttext-align: center;\n\t\t\t\twidth: 20%;\n\t\t\t}\n\t\t\t#gallery-1 img {\n\t\t\t\tborder: 2px solid #cfcfcf;\n\t\t\t}\n\t\t\t#gallery-1 .gallery-caption {\n\t\t\t\tmargin-left: 0;\n\t\t\t}\n\t\t\t\/* see gallery_shortcode() in wp-includes\/media.php *\/\n\t\t<\/style>\n\t\t<div id='gallery-1' class='gallery galleryid-250 gallery-columns-5 gallery-size-thumbnail'><dl class='gallery-item'>\n\t\t\t<dt class='gallery-icon landscape'>\n\t\t\t\t<a href='https:\/\/reservaheitor.com.br\/site\/a-fazenda\/01-4\/'><img loading=\"lazy\" decoding=\"async\" width=\"150\" height=\"150\" src=\"https:\/\/reservaheitor.com.br\/site\/wp-content\/uploads\/2018\/09\/01-3-150x150.jpg\" class=\"attachment-thumbnail size-thumbnail\" alt=\"\" srcset=\"https:\/\/reservaheitor.com.br\/site\/wp-content\/uploads\/2018\/09\/01-3-150x150.jpg 150w, https:\/\/reservaheitor.com.br\/site\/wp-content\/uploads\/2018\/09\/01-3-60x60.jpg 60w\" sizes=\"auto, (max-width: 150px) 100vw, 150px\" \/><\/a>\n\t\t\t<\/dt><\/dl><dl class='gallery-item'>\n\t\t\t<dt class='gallery-icon landscape'>\n\t\t\t\t<a href='https:\/\/reservaheitor.com.br\/site\/a-fazenda\/13-3\/'><img loading=\"lazy\" decoding=\"async\" width=\"150\" height=\"150\" src=\"https:\/\/reservaheitor.com.br\/site\/wp-content\/uploads\/2018\/09\/13-2-150x150.jpg\" class=\"attachment-thumbnail size-thumbnail\" alt=\"\" srcset=\"https:\/\/reservaheitor.com.br\/site\/wp-content\/uploads\/2018\/09\/13-2-150x150.jpg 150w, https:\/\/reservaheitor.com.br\/site\/wp-content\/uploads\/2018\/09\/13-2-60x60.jpg 60w\" sizes=\"auto, (max-width: 150px) 100vw, 150px\" \/><\/a>\n\t\t\t<\/dt><\/dl><dl class='gallery-item'>\n\t\t\t<dt class='gallery-icon landscape'>\n\t\t\t\t<a href='https:\/\/reservaheitor.com.br\/site\/a-fazenda\/12-4\/'><img loading=\"lazy\" decoding=\"async\" width=\"150\" height=\"150\" src=\"https:\/\/reservaheitor.com.br\/site\/wp-content\/uploads\/2018\/09\/12-3-150x150.jpg\" class=\"attachment-thumbnail size-thumbnail\" alt=\"\" srcset=\"https:\/\/reservaheitor.com.br\/site\/wp-content\/uploads\/2018\/09\/12-3-150x150.jpg 150w, https:\/\/reservaheitor.com.br\/site\/wp-content\/uploads\/2018\/09\/12-3-60x60.jpg 60w\" sizes=\"auto, (max-width: 150px) 100vw, 150px\" \/><\/a>\n\t\t\t<\/dt><\/dl><dl class='gallery-item'>\n\t\t\t<dt class='gallery-icon landscape'>\n\t\t\t\t<a href='https:\/\/reservaheitor.com.br\/site\/a-fazenda\/10-2\/'><img loading=\"lazy\" decoding=\"async\" width=\"150\" height=\"150\" src=\"https:\/\/reservaheitor.com.br\/site\/wp-content\/uploads\/2018\/09\/10-1-150x150.jpg\" class=\"attachment-thumbnail size-thumbnail\" alt=\"\" srcset=\"https:\/\/reservaheitor.com.br\/site\/wp-content\/uploads\/2018\/09\/10-1-150x150.jpg 150w, https:\/\/reservaheitor.com.br\/site\/wp-content\/uploads\/2018\/09\/10-1-60x60.jpg 60w\" sizes=\"auto, (max-width: 150px) 100vw, 150px\" \/><\/a>\n\t\t\t<\/dt><\/dl><dl class='gallery-item'>\n\t\t\t<dt class='gallery-icon landscape'>\n\t\t\t\t<a href='https:\/\/reservaheitor.com.br\/site\/a-fazenda\/02-6\/'><img loading=\"lazy\" decoding=\"async\" width=\"150\" height=\"150\" src=\"https:\/\/reservaheitor.com.br\/site\/wp-content\/uploads\/2018\/09\/02-5-150x150.jpg\" class=\"attachment-thumbnail size-thumbnail\" alt=\"\" srcset=\"https:\/\/reservaheitor.com.br\/site\/wp-content\/uploads\/2018\/09\/02-5-150x150.jpg 150w, https:\/\/reservaheitor.com.br\/site\/wp-content\/uploads\/2018\/09\/02-5-60x60.jpg 60w\" sizes=\"auto, (max-width: 150px) 100vw, 150px\" \/><\/a>\n\t\t\t<\/dt><\/dl><br style=\"clear: both\" \/>\n\t\t<\/div>\n\n<\/div>\n","protected":false},"excerpt":{"rendered":"<p>Munic\u00edpio: Patos de Minas &#8211; MG Micro Regi\u00e3o: Col\u00f4nia Agr\u00edcola Altitude: De 970 a 1090 metros. \u00c1rea Total: 216 Hectares \u00c1rea produtiva com Caf\u00e9: 141 Hectares Variedades: Catua\u00ed Amarelo Catua\u00ed Vermelho Mundo Novo IAC \u2013 125 Acau\u00e3 Catuca\u00ed 2SL Catuca\u00ed 24-137 Guar\u00e1 Colheita: Mec\u00e2nica e manual nas primeiras safras. Colaboradores fixos: 8 Secagem:\u00a0Tr\u00eas terreiros que [&hellip;]<\/p>\n","protected":false},"author":1,"featured_media":0,"parent":0,"menu_order":0,"comment_status":"closed","ping_status":"closed","template":"","meta":{"footnotes":""},"class_list":["post-250","page","type-page","status-publish","hentry"],"_links":{"self":[{"href":"https:\/\/reservaheitor.com.br\/site\/wp-json\/wp\/v2\/pages\/250","targetHints":{"allow":["GET"]}}],"collection":[{"href":"https:\/\/reservaheitor.com.br\/site\/wp-json\/wp\/v2\/pages"}],"about":[{"href":"https:\/\/reservaheitor.com.br\/site\/wp-json\/wp\/v2\/types\/page"}],"author":[{"embeddable":true,"href":"https:\/\/reservaheitor.com.br\/site\/wp-json\/wp\/v2\/users\/1"}],"replies":[{"embeddable":true,"href":"https:\/\/reservaheitor.com.br\/site\/wp-json\/wp\/v2\/comments?post=250"}],"version-history":[{"count":18,"href":"https:\/\/reservaheitor.com.br\/site\/wp-json\/wp\/v2\/pages\/250\/revisions"}],"predecessor-version":[{"id":409,"href":"https:\/\/reservaheitor.com.br\/site\/wp-json\/wp\/v2\/pages\/250\/revisions\/409"}],"wp:attachment":[{"href":"https:\/\/reservaheitor.com.br\/site\/wp-json\/wp\/v2\/media?parent=250"}],"curies":[{"name":"wp","href":"https:\/\/api.w.org\/{rel}","templated":true}]}}